{"id":7233,"date":"2024-05-15T11:53:14","date_gmt":"2024-05-15T15:53:14","guid":{"rendered":"https:\/\/www.sinergiahumanitaria.cl\/portal\/?page_id=7233"},"modified":"2026-03-24T12:30:57","modified_gmt":"2026-03-24T15:30:57","slug":"nosotros","status":"publish","type":"page","link":"https:\/\/www.sinergiahumanitaria.cl\/portal\/nosotros\/","title":{"rendered":"Nosotros"},"content":{"rendered":"\t\t<div data-elementor-type=\"wp-page\" data-elementor-id=\"7233\" class=\"elementor elementor-7233\">\n\t\t\t\t\t\t<section data-particle_enable=\"false\" data-particle-mobile-disabled=\"false\" class=\"elementor-section elementor-top-section elementor-element elementor-element-c1bbd92 elementor-section-full_width qodef-elementor-content-grid elementor-section-height-default elementor-section-height-default\" data-id=\"c1bbd92\" data-element_type=\"section\" data-e-type=\"section\" data-settings=\"{&quot;background_background&quot;:&quot;classic&quot;}\">\n\t\t\t\t\t\t<div class=\"elementor-container elementor-column-gap-default\">\n\t\t\t\t\t<div class=\"elementor-column elementor-col-100 elementor-top-column elementor-element elementor-element-a8ba1f0\" data-id=\"a8ba1f0\" data-element_type=\"column\" data-e-type=\"column\">\n\t\t\t<div class=\"elementor-widget-wrap elementor-element-populated\">\n\t\t\t\t\t\t<div class=\"elementor-element elementor-element-fb501d2 elementor-widget elementor-widget-rightcause_core_section_title\" data-id=\"fb501d2\" data-element_type=\"widget\" data-e-type=\"widget\" data-widget_type=\"rightcause_core_section_title.default\">\n\t\t\t\t<div class=\"elementor-widget-container\">\n\t\t\t\t\t<div class=\"qodef-shortcode qodef-m qodef-section-title qodef-alignment--left\">\n\t\t\t\t\t<h1 class=\"qodef-m-title\" >\n\t\t\t\t\tEquipo Directivo\t\t\t<\/h1>\n\t<\/div>\t\t\t\t<\/div>\n\t\t\t\t<\/div>\n\t\t\t\t\t<\/div>\n\t\t<\/div>\n\t\t\t\t\t<\/div>\n\t\t<\/section>\n\t\t\t\t<section data-particle_enable=\"false\" data-particle-mobile-disabled=\"false\" class=\"elementor-section elementor-top-section elementor-element elementor-element-a840394 elementor-section-boxed elementor-section-height-default elementor-section-height-default qodef-elementor-content-no\" data-id=\"a840394\" data-element_type=\"section\" data-e-type=\"section\">\n\t\t\t\t\t\t<div class=\"elementor-container elementor-column-gap-default\">\n\t\t\t\t\t<div class=\"elementor-column elementor-col-100 elementor-top-column elementor-element elementor-element-3fbd51f\" data-id=\"3fbd51f\" data-element_type=\"column\" data-e-type=\"column\">\n\t\t\t<div class=\"elementor-widget-wrap elementor-element-populated\">\n\t\t\t\t\t\t<div class=\"elementor-element elementor-element-0941d94 elementor-widget elementor-widget-image\" data-id=\"0941d94\" data-element_type=\"widget\" data-e-type=\"widget\" data-widget_type=\"image.default\">\n\t\t\t\t<div class=\"elementor-widget-container\">\n\t\t\t\t\t\t\t\t\t\t\t\t\t\t\t<img fetchpriority=\"high\" decoding=\"async\" width=\"768\" height=\"1278\" src=\"https:\/\/www.sinergiahumanitaria.cl\/portal\/wp-content\/uploads\/2024\/05\/jlbalmaceda-768x1278.jpg\" class=\"attachment-medium_large size-medium_large wp-image-7354\" alt=\"\" srcset=\"https:\/\/www.sinergiahumanitaria.cl\/portal\/wp-content\/uploads\/2024\/05\/jlbalmaceda-768x1278.jpg 768w, https:\/\/www.sinergiahumanitaria.cl\/portal\/wp-content\/uploads\/2024\/05\/jlbalmaceda-180x300.jpg 180w, https:\/\/www.sinergiahumanitaria.cl\/portal\/wp-content\/uploads\/2024\/05\/jlbalmaceda-615x1024.jpg 615w, https:\/\/www.sinergiahumanitaria.cl\/portal\/wp-content\/uploads\/2024\/05\/jlbalmaceda-923x1536.jpg 923w, https:\/\/www.sinergiahumanitaria.cl\/portal\/wp-content\/uploads\/2024\/05\/jlbalmaceda.jpg 1080w\" sizes=\"(max-width: 768px) 100vw, 768px\" \/>\t\t\t\t\t\t\t\t\t\t\t\t\t\t\t<\/div>\n\t\t\t\t<\/div>\n\t\t\t\t<div class=\"elementor-element elementor-element-feb0c6b elementor-widget elementor-widget-image\" data-id=\"feb0c6b\" data-element_type=\"widget\" data-e-type=\"widget\" data-widget_type=\"image.default\">\n\t\t\t\t<div class=\"elementor-widget-container\">\n\t\t\t\t\t\t\t\t\t\t\t\t\t\t\t<img decoding=\"async\" width=\"768\" height=\"731\" src=\"https:\/\/www.sinergiahumanitaria.cl\/portal\/wp-content\/uploads\/2024\/05\/aegarcia-768x731.jpg\" class=\"attachment-medium_large size-medium_large wp-image-7355\" alt=\"\" srcset=\"https:\/\/www.sinergiahumanitaria.cl\/portal\/wp-content\/uploads\/2024\/05\/aegarcia-768x731.jpg 768w, https:\/\/www.sinergiahumanitaria.cl\/portal\/wp-content\/uploads\/2024\/05\/aegarcia-300x286.jpg 300w, https:\/\/www.sinergiahumanitaria.cl\/portal\/wp-content\/uploads\/2024\/05\/aegarcia-1024x975.jpg 1024w, https:\/\/www.sinergiahumanitaria.cl\/portal\/wp-content\/uploads\/2024\/05\/aegarcia.jpg 1080w\" sizes=\"(max-width: 768px) 100vw, 768px\" \/>\t\t\t\t\t\t\t\t\t\t\t\t\t\t\t<\/div>\n\t\t\t\t<\/div>\n\t\t\t\t<div class=\"elementor-element elementor-element-897f488 elementor-widget elementor-widget-image\" data-id=\"897f488\" data-element_type=\"widget\" data-e-type=\"widget\" data-widget_type=\"image.default\">\n\t\t\t\t<div class=\"elementor-widget-container\">\n\t\t\t\t\t\t\t\t\t\t\t\t\t\t\t<img decoding=\"async\" width=\"768\" height=\"1365\" src=\"https:\/\/www.sinergiahumanitaria.cl\/portal\/wp-content\/uploads\/2024\/05\/gmonckeberg-1-768x1365.jpg\" class=\"attachment-medium_large size-medium_large wp-image-7356\" alt=\"\" srcset=\"https:\/\/www.sinergiahumanitaria.cl\/portal\/wp-content\/uploads\/2024\/05\/gmonckeberg-1-768x1365.jpg 768w, https:\/\/www.sinergiahumanitaria.cl\/portal\/wp-content\/uploads\/2024\/05\/gmonckeberg-1-169x300.jpg 169w, https:\/\/www.sinergiahumanitaria.cl\/portal\/wp-content\/uploads\/2024\/05\/gmonckeberg-1-576x1024.jpg 576w, https:\/\/www.sinergiahumanitaria.cl\/portal\/wp-content\/uploads\/2024\/05\/gmonckeberg-1-864x1536.jpg 864w, https:\/\/www.sinergiahumanitaria.cl\/portal\/wp-content\/uploads\/2024\/05\/gmonckeberg-1.jpg 1080w\" sizes=\"(max-width: 768px) 100vw, 768px\" \/>\t\t\t\t\t\t\t\t\t\t\t\t\t\t\t<\/div>\n\t\t\t\t<\/div>\n\t\t\t\t<div class=\"elementor-element elementor-element-70c7e53 elementor-widget elementor-widget-image\" data-id=\"70c7e53\" data-element_type=\"widget\" data-e-type=\"widget\" data-widget_type=\"image.default\">\n\t\t\t\t<div class=\"elementor-widget-container\">\n\t\t\t\t\t\t\t\t\t\t\t\t\t\t\t<img loading=\"lazy\" decoding=\"async\" width=\"768\" height=\"363\" src=\"https:\/\/www.sinergiahumanitaria.cl\/portal\/wp-content\/uploads\/2024\/06\/ugalde-768x363.jpg\" class=\"attachment-medium_large size-medium_large wp-image-7525\" alt=\"\" srcset=\"https:\/\/www.sinergiahumanitaria.cl\/portal\/wp-content\/uploads\/2024\/06\/ugalde-768x363.jpg 768w, https:\/\/www.sinergiahumanitaria.cl\/portal\/wp-content\/uploads\/2024\/06\/ugalde-300x142.jpg 300w, https:\/\/www.sinergiahumanitaria.cl\/portal\/wp-content\/uploads\/2024\/06\/ugalde-1024x484.jpg 1024w, https:\/\/www.sinergiahumanitaria.cl\/portal\/wp-content\/uploads\/2024\/06\/ugalde.jpg 1080w\" sizes=\"(max-width: 768px) 100vw, 768px\" \/>\t\t\t\t\t\t\t\t\t\t\t\t\t\t\t<\/div>\n\t\t\t\t<\/div>\n\t\t\t\t<div class=\"elementor-element elementor-element-e9b095a elementor-widget elementor-widget-spacer\" data-id=\"e9b095a\" data-element_type=\"widget\" data-e-type=\"widget\" data-widget_type=\"spacer.default\">\n\t\t\t\t<div class=\"elementor-widget-container\">\n\t\t\t\t\t\t\t<div class=\"elementor-spacer\">\n\t\t\t<div class=\"elementor-spacer-inner\"><\/div>\n\t\t<\/div>\n\t\t\t\t\t\t<\/div>\n\t\t\t\t<\/div>\n\t\t\t\t\t<\/div>\n\t\t<\/div>\n\t\t\t\t\t<\/div>\n\t\t<\/section>\n\t\t\t\t<section data-particle_enable=\"false\" data-particle-mobile-disabled=\"false\" class=\"elementor-section elementor-top-section elementor-element elementor-element-333f00f elementor-section-boxed elementor-section-height-default elementor-section-height-default qodef-elementor-content-no\" data-id=\"333f00f\" data-element_type=\"section\" data-e-type=\"section\">\n\t\t\t\t\t\t<div class=\"elementor-container elementor-column-gap-default\">\n\t\t\t\t\t<div class=\"elementor-column elementor-col-100 elementor-top-column elementor-element elementor-element-fd941b4\" data-id=\"fd941b4\" data-element_type=\"column\" data-e-type=\"column\">\n\t\t\t<div class=\"elementor-widget-wrap elementor-element-populated\">\n\t\t\t\t\t\t<div class=\"elementor-element elementor-element-96ae4b4 elementor-widget elementor-widget-spacer\" data-id=\"96ae4b4\" data-element_type=\"widget\" data-e-type=\"widget\" data-widget_type=\"spacer.default\">\n\t\t\t\t<div class=\"elementor-widget-container\">\n\t\t\t\t\t\t\t<div class=\"elementor-spacer\">\n\t\t\t<div class=\"elementor-spacer-inner\"><\/div>\n\t\t<\/div>\n\t\t\t\t\t\t<\/div>\n\t\t\t\t<\/div>\n\t\t\t\t\t<\/div>\n\t\t<\/div>\n\t\t\t\t\t<\/div>\n\t\t<\/section>\n\t\t\t\t<section data-particle_enable=\"false\" data-particle-mobile-disabled=\"false\" class=\"elementor-section elementor-top-section elementor-element elementor-element-071343b elementor-section-full_width elementor-section-height-default elementor-section-height-default qodef-elementor-content-no\" data-id=\"071343b\" data-element_type=\"section\" data-e-type=\"section\">\n\t\t\t\t\t\t\t<div class=\"elementor-background-overlay\"><\/div>\n\t\t\t\t\t\t\t<div class=\"elementor-container elementor-column-gap-default\">\n\t\t\t\t\t<div class=\"elementor-column elementor-col-33 elementor-top-column elementor-element elementor-element-4f708c1\" data-id=\"4f708c1\" data-element_type=\"column\" data-e-type=\"column\" data-settings=\"{&quot;background_background&quot;:&quot;classic&quot;}\">\n\t\t\t<div class=\"elementor-widget-wrap elementor-element-populated\">\n\t\t\t\t\t\t<div class=\"elementor-element elementor-element-a6aa381 elementor-widget elementor-widget-rightcause_core_image_with_rotate_text\" data-id=\"a6aa381\" data-element_type=\"widget\" data-e-type=\"widget\" data-widget_type=\"rightcause_core_image_with_rotate_text.default\">\n\t\t\t\t<div class=\"elementor-widget-container\">\n\t\t\t\t\t<div class=\"qodef-shortcode qodef-m qodef-image-with-rotate-text qodef-layout--text-below qodef-text-position--bottom-right qodef--has-rotate-text\">\n\n\t\n\t<div class=\"qodef-m-image\">\n\t\t\t\n\t\t\t\n\t\t\t<div class=\"qodef-m-image-inner\">\n\t\t<img loading=\"lazy\" decoding=\"async\" width=\"617\" height=\"1166\" src=\"https:\/\/www.sinergiahumanitaria.cl\/portal\/wp-content\/uploads\/2020\/07\/coherencia.jpg\" class=\"attachment-full size-full\" alt=\"\" srcset=\"https:\/\/www.sinergiahumanitaria.cl\/portal\/wp-content\/uploads\/2020\/07\/coherencia.jpg 617w, https:\/\/www.sinergiahumanitaria.cl\/portal\/wp-content\/uploads\/2020\/07\/coherencia-159x300.jpg 159w, https:\/\/www.sinergiahumanitaria.cl\/portal\/wp-content\/uploads\/2020\/07\/coherencia-542x1024.jpg 542w\" sizes=\"(max-width: 617px) 100vw, 617px\" \/>\t\t<\/div>\n\t\n\t\t\t\n\t\t\t\t\t<div class=\"qodef-image-with-rotate-text-holder\" >\n\t\t\t\t<div class=\"qodef-image-with-rotate-text-inner\">\n\t\t\t\t\t<p class=\"qodef-image-with-rotate-text\" >Coherencia<\/p>\n\t\t\t\t<\/div>\n\t\t\t<\/div>\n\t\t\t\n\t<\/div>\n\t\n\t\n\t\n<\/div>\n\t\t\t\t<\/div>\n\t\t\t\t<\/div>\n\t\t\t\t\t<\/div>\n\t\t<\/div>\n\t\t\t\t<div class=\"elementor-column elementor-col-66 elementor-top-column elementor-element elementor-element-1b1906a\" data-id=\"1b1906a\" data-element_type=\"column\" data-e-type=\"column\">\n\t\t\t<div class=\"elementor-widget-wrap elementor-element-populated\">\n\t\t\t\t\t\t<div class=\"elementor-element elementor-element-e3f217b elementor-widget elementor-widget-rightcause_core_accordion\" data-id=\"e3f217b\" data-element_type=\"widget\" data-e-type=\"widget\" data-widget_type=\"rightcause_core_accordion.default\">\n\t\t\t\t<div class=\"elementor-widget-container\">\n\t\t\t\t\t<div class=\"qodef-shortcode qodef-m qodef-accordion clear qodef-behavior--accordion qodef-layout--simple\">\n\t<h4 class=\"qodef-accordion-title\">\n\t<span class=\"qodef-tab-title\">\n\t\tMisi\u00f3n\t<\/span>\n\t<span class=\"qodef-accordion-mark\">\n\t\t<span class=\"qodef-icon--plus\"><i class='kikor kiko-plus-line'><\/i><\/span>\n\t\t<span class=\"qodef-icon--minus\"><i class='kikor kiko-cross-line'><\/i><\/span>\n\t<\/span>\n<\/h4>\n<div class=\"qodef-accordion-content\">\n\t<div class=\"qodef-accordion-content-inner\">\n\t\t<p>Una sociedad chilena m\u00e1s justa, fraterna, inclusiva y solidaria con todas las edades; que protege su medio ambiente y su identidad cultural.<\/p>\t<\/div>\n<\/div><h4 class=\"qodef-accordion-title\">\n\t<span class=\"qodef-tab-title\">\n\t\tVisi\u00f3n\t<\/span>\n\t<span class=\"qodef-accordion-mark\">\n\t\t<span class=\"qodef-icon--plus\"><i class='kikor kiko-plus-line'><\/i><\/span>\n\t\t<span class=\"qodef-icon--minus\"><i class='kikor kiko-cross-line'><\/i><\/span>\n\t<\/span>\n<\/h4>\n<div class=\"qodef-accordion-content\">\n\t<div class=\"qodef-accordion-content-inner\">\n\t\t<p>Trabajar en terreno, junto a otras iniciativas que mejoran la calidad de vida de las personas, grupos y comunidades; con profesionalismo y compromiso solidario.<\/p>\t<\/div>\n<\/div><h4 class=\"qodef-accordion-title\">\n\t<span class=\"qodef-tab-title\">\n\t\tQu\u00e9 hacemos\t<\/span>\n\t<span class=\"qodef-accordion-mark\">\n\t\t<span class=\"qodef-icon--plus\"><i class='kikor kiko-plus-line'><\/i><\/span>\n\t\t<span class=\"qodef-icon--minus\"><i class='kikor kiko-cross-line'><\/i><\/span>\n\t<\/span>\n<\/h4>\n<div class=\"qodef-accordion-content\">\n\t<div class=\"qodef-accordion-content-inner\">\n\t\t<p>Somos una entidad con proyecci\u00f3n internacional que contribuimos en las \u00e1reas de salud, educaci\u00f3n, envejecimiento poblacional y medio ambiente, especialmente de aquellos sectores m\u00e1s vulnerados en sus derechos.<br \/><br \/><\/p><p class=\"p1\">Nuestro trabajo focaliza su atenci\u00f3n en las personas, grupos y comunidades que se encuentran en zonas alejadas de los centros urbanos y geogr\u00e1ficamente aisladas. Promovemos alianzas p\u00fablico-privadas a nivel nacional e internacional. Creemos en el derecho de las personas a la salud y la educaci\u00f3n, a una vida m\u00e1s digna y a su participaci\u00f3n activa en las decisiones de inter\u00e9s p\u00fablico.<\/p>\t<\/div>\n<\/div><h4 class=\"qodef-accordion-title\">\n\t<span class=\"qodef-tab-title\">\n\t\tHistoria\t<\/span>\n\t<span class=\"qodef-accordion-mark\">\n\t\t<span class=\"qodef-icon--plus\"><i class='kikor kiko-plus-line'><\/i><\/span>\n\t\t<span class=\"qodef-icon--minus\"><i class='kikor kiko-cross-line'><\/i><\/span>\n\t<\/span>\n<\/h4>\n<div class=\"qodef-accordion-content\">\n\t<div class=\"qodef-accordion-content-inner\">\n\t\t<p class=\"p1\">Su acci\u00f3n humanitaria es el resultado de una permanente labor solidaria iniciada en el 2001 por el ex Embajador Jos\u00e9 Luis Balmaceda, conjuntamente con la ayuda de las comunidades de chilenos residentes en Noruega, Australia, Suiza y Alemania, a la que se sum\u00f3 Ana Eugenia Garcia Aill\u00f3n. Su prop\u00f3sito: Mejorar y dignificar las condiciones de vida de las personas m\u00e1s necesitadas en Chile.<\/p>\n&nbsp;\n<p class=\"p1\">A nivel pa\u00eds, la coordinaci\u00f3n de esta ayuda humanitaria fue asumida el 2014 por Ana Eugenia Garc\u00eda, tarea que ha permitido canalizar y garantizar la eficiencia en su entrega, particularmente de aquella dirigida a personas y familias vulnerables que habitan en territorios aislados, respondiendo as\u00ed\u00a0 al principio \u00e9tico de transparencia y probidad que son centrales para esta instituci\u00f3n.<\/p>\n<p class=\"p1\">El resultado de dichos esfuerzos personales y colectivos deriv\u00f3 en la creaci\u00f3n de Sinergia Humanitaria el 2016.<\/p>\n&nbsp;\n<p class=\"p1\">Su incansable tarea humanitaria se ha venido desarrollando de la mano de Municipios, entidades como Peque\u00f1o Cottolengo,<span class=\"Apple-converted-space\">\u00a0 <\/span>Mar\u00eda Ayuda y Fundaci\u00f3n Las Rosas. A ello se a\u00f1ade, una especial preocupaci\u00f3n por los ni\u00f1os de Chilo\u00e9 pertenecientes a familias con riesgo social, para lo cual nos empe\u00f1amos en un programa de recolecci\u00f3n de instrumentos musicales. Especial atenci\u00f3n hemos otorgado a la Comunidad Pehuenche de Alto B\u00edo-B\u00edo, con la entrega de implementos e insumos m\u00e9dicos, mobiliario y juguetes .<\/p> <br>\n<p class=\"p1\">Conscientes de la urgente necesidad de promover un Envejecimiento Saludable, nuestra colaboraci\u00f3n tambi\u00e9n se ha extendido a Chilo\u00e9, Curaco de V\u00e9lez, entregando implementos e insumos m\u00e9dicos al Centro de D\u00eda y al Cesfam, en coordinaci\u00f3n con el proyecto encabezado por el doctor Luis Berr, en representaci\u00f3n del Hospital Cl\u00ednico de la Universidad de Chile. <\/p> <br>\n\nNuestra intenci\u00f3n, am\u00e9n de la ayuda asistencial, es colaborar en la generaci\u00f3n de pol\u00edticas p\u00fablicas con visi\u00f3n de futuro, destinadas a garantizar el bienestar y dignidad de las personas mayores y con discapacidad, en un esquema de inclusi\u00f3n y activa participaci\u00f3n en la vida ciudadana.\t<\/div>\n<\/div><\/div>\t\t\t\t<\/div>\n\t\t\t\t<\/div>\n\t\t\t\t\t<\/div>\n\t\t<\/div>\n\t\t\t\t\t<\/div>\n\t\t<\/section>\n\t\t\t\t<section data-particle_enable=\"false\" data-particle-mobile-disabled=\"false\" class=\"elementor-section elementor-top-section elementor-element elementor-element-b207646 elementor-section-boxed elementor-section-height-default elementor-section-height-default qodef-elementor-content-no\" data-id=\"b207646\" data-element_type=\"section\" data-e-type=\"section\">\n\t\t\t\t\t\t<div class=\"elementor-container elementor-column-gap-default\">\n\t\t\t\t\t<div class=\"elementor-column elementor-col-100 elementor-top-column elementor-element elementor-element-c35b117\" data-id=\"c35b117\" data-element_type=\"column\" data-e-type=\"column\">\n\t\t\t<div class=\"elementor-widget-wrap elementor-element-populated\">\n\t\t\t\t\t\t<div class=\"elementor-element elementor-element-aee1480 elementor-widget elementor-widget-rightcause_core_testimonials_list\" data-id=\"aee1480\" data-element_type=\"widget\" data-e-type=\"widget\" data-widget_type=\"rightcause_core_testimonials_list.default\">\n\t\t\t\t<div class=\"elementor-widget-container\">\n\t\t\t\t\t<div class=\"qodef-shortcode qodef-m qodef-testimonials-list qodef-grid qodef-swiper-container qodef-gutter--normal qodef-col-num--1 qodef-item-layout--info-below qodef-responsive--predefined\" data-options=\"{&quot;slidesPerView&quot;:&quot;1&quot;,&quot;spaceBetween&quot;:15,&quot;loop&quot;:true,&quot;autoplay&quot;:true,&quot;speed&quot;:&quot;10000&quot;,&quot;speedAnimation&quot;:&quot;&quot;,&quot;slideAnimation&quot;:&quot;&quot;,&quot;direction&quot;:&quot;&quot;,&quot;reverseDirection&quot;:false,&quot;loopedSlides&quot;:&quot;&quot;,&quot;unique&quot;:5204,&quot;outsideNavigation&quot;:&quot;yes&quot;}\">\n\t<div class=\"swiper-wrapper\">\n\t\t<div class=\"qodef-e swiper-slide\">\n\t<div class=\"qodef-e-inner\">\n\t\t\t<div class=\"qodef-e-media-image\">\n\t\t<img loading=\"lazy\" decoding=\"async\" width=\"125\" height=\"125\" src=\"https:\/\/www.sinergiahumanitaria.cl\/portal\/wp-content\/uploads\/2020\/07\/papafrancisco.png\" class=\"attachment-full size-full wp-post-image\" alt=\"\" \/>\t<\/div>\n\t\t<div class=\"qodef-e-content\">\n\t\t\t\t\t\t\t<p itemprop=\"description\" class=\"qodef-e-text\">\n\t\t&quot;Los ancianos son las ra\u00edces de los j\u00f3venes, un \u00e1rbol arrancado de sus ra\u00edces no crece, no da fruto ni flores&quot;\t<\/p>\n\t\t\t<h6 class=\"qodef-e-author\">\n\t<span class=\"qodef-e-author-name\">\n\t\tS.S Francisco\t<\/span>\n\t<span class=\"qodef-e-author-job\">\n\t\tPapa, L\u00edder Religioso\t<\/span>\n<\/h6>\n\t\t<\/div>\n\t<\/div>\n<\/div><div class=\"qodef-e swiper-slide\">\n\t<div class=\"qodef-e-inner\">\n\t\t\t<div class=\"qodef-e-media-image\">\n\t\t<img loading=\"lazy\" decoding=\"async\" width=\"125\" height=\"125\" src=\"https:\/\/www.sinergiahumanitaria.cl\/portal\/wp-content\/uploads\/2020\/07\/desmond.png\" class=\"attachment-full size-full wp-post-image\" alt=\"\" \/>\t<\/div>\n\t\t<div class=\"qodef-e-content\">\n\t\t\t\t\t\t\t<p itemprop=\"description\" class=\"qodef-e-text\">\n\t\t&quot;Toda nuestra humanidad depende de reconocer nuestra humanidad en los dem\u00e1s\u201d\t<\/p>\n\t\t\t<h6 class=\"qodef-e-author\">\n\t<span class=\"qodef-e-author-name\">\n\t\tDesmond Tutu\t<\/span>\n\t<span class=\"qodef-e-author-job\">\n\t\tCl\u00e9rigo y Pacifista\t<\/span>\n<\/h6>\n\t\t<\/div>\n\t<\/div>\n<\/div><div class=\"qodef-e swiper-slide\">\n\t<div class=\"qodef-e-inner\">\n\t\t\t<div class=\"qodef-e-media-image\">\n\t\t<img loading=\"lazy\" decoding=\"async\" width=\"125\" height=\"125\" src=\"https:\/\/www.sinergiahumanitaria.cl\/portal\/wp-content\/uploads\/2020\/07\/dalai.png\" class=\"attachment-full size-full wp-post-image\" alt=\"\" \/>\t<\/div>\n\t\t<div class=\"qodef-e-content\">\n\t\t\t\t\t\t\t<p itemprop=\"description\" class=\"qodef-e-text\">\n\t\t&quot;Siento que la armon\u00eda se basa en un sentido aut\u00e9ntico de la hermandad.&quot;\t<\/p>\n\t\t\t<h6 class=\"qodef-e-author\">\n\t<span class=\"qodef-e-author-name\">\n\t\tDalai Lama\t<\/span>\n\t<span class=\"qodef-e-author-job\">\n\t\tL\u00edder Espiritual\t<\/span>\n<\/h6>\n\t\t<\/div>\n\t<\/div>\n<\/div><div class=\"qodef-e swiper-slide\">\n\t<div class=\"qodef-e-inner\">\n\t\t\t<div class=\"qodef-e-media-image\">\n\t\t<img loading=\"lazy\" decoding=\"async\" width=\"125\" height=\"125\" src=\"https:\/\/www.sinergiahumanitaria.cl\/portal\/wp-content\/uploads\/2020\/07\/lincoln.png\" class=\"attachment-full size-full wp-post-image\" alt=\"\" \/>\t<\/div>\n\t\t<div class=\"qodef-e-content\">\n\t\t\t\t\t\t\t<p itemprop=\"description\" class=\"qodef-e-text\">\n\t\t&quot;El compromiso es lo que convierte una promesa en realidad&quot;.\t<\/p>\n\t\t\t<h6 class=\"qodef-e-author\">\n\t<span class=\"qodef-e-author-name\">\n\t\tAbraham Lincoln\t<\/span>\n\t<span class=\"qodef-e-author-job\">\n\t\tPresidente 16.\u00ba Estados Unidos\t<\/span>\n<\/h6>\n\t\t<\/div>\n\t<\/div>\n<\/div><div class=\"qodef-e swiper-slide\">\n\t<div class=\"qodef-e-inner\">\n\t\t\t<div class=\"qodef-e-media-image\">\n\t\t<img loading=\"lazy\" decoding=\"async\" width=\"125\" height=\"125\" src=\"https:\/\/www.sinergiahumanitaria.cl\/portal\/wp-content\/uploads\/2020\/07\/tim.png\" class=\"attachment-full size-full wp-post-image\" alt=\"\" \/>\t<\/div>\n\t\t<div class=\"qodef-e-content\">\n\t\t\t\t\t\t\t<p itemprop=\"description\" class=\"qodef-e-text\">\n\t\t&quot;Hermandad significa dar tu vida por alguien, realmente dispuesto a sacrificarte por otra persona&quot;.\t<\/p>\n\t\t\t<h6 class=\"qodef-e-author\">\n\t<span class=\"qodef-e-author-name\">\n\t\tTim Hetherington\t<\/span>\n\t<span class=\"qodef-e-author-job\">\n\t\tReportero Gr\u00e1fico\t<\/span>\n<\/h6>\n\t\t<\/div>\n\t<\/div>\n<\/div><div class=\"qodef-e swiper-slide\">\n\t<div class=\"qodef-e-inner\">\n\t\t\t<div class=\"qodef-e-media-image\">\n\t\t<img loading=\"lazy\" decoding=\"async\" width=\"122\" height=\"122\" src=\"https:\/\/www.sinergiahumanitaria.cl\/portal\/wp-content\/uploads\/2020\/03\/mistral.png\" class=\"attachment-full size-full wp-post-image\" alt=\"\" \/>\t<\/div>\n\t\t<div class=\"qodef-e-content\">\n\t\t\t\t\t\t\t<p itemprop=\"description\" class=\"qodef-e-text\">\n\t\t&quot;Donde haya un esfuerzo que todos esquivan, hazlo t\u00fa. S\u00e9 t\u00fa el que aparta la piedra del camino&quot;.\t<\/p>\n\t\t\t<h6 class=\"qodef-e-author\">\n\t<span class=\"qodef-e-author-name\">\n\t\tGabriela Mistral\t<\/span>\n\t<span class=\"qodef-e-author-job\">\n\t\tEscritora, Premio Nobel\t<\/span>\n<\/h6>\n\t\t<\/div>\n\t<\/div>\n<\/div><div class=\"qodef-e swiper-slide\">\n\t<div class=\"qodef-e-inner\">\n\t\t\t<div class=\"qodef-e-media-image\">\n\t\t<img loading=\"lazy\" decoding=\"async\" width=\"122\" height=\"122\" src=\"https:\/\/www.sinergiahumanitaria.cl\/portal\/wp-content\/uploads\/2020\/03\/papa.png\" class=\"attachment-full size-full wp-post-image\" alt=\"\" \/>\t<\/div>\n\t\t<div class=\"qodef-e-content\">\n\t\t\t\t\t\t\t<p itemprop=\"description\" class=\"qodef-e-text\">\n\t\t&quot;La solidaridad no es un sentimiento superficial, es la determinaci\u00f3n firme de empe\u00f1arse por el bien com\u00fan, el bien de todos&quot;.\t<\/p>\n\t\t\t<h6 class=\"qodef-e-author\">\n\t<span class=\"qodef-e-author-name\">\n\t\tS.S Juan Pablo II\t<\/span>\n\t<span class=\"qodef-e-author-job\">\n\t\tPapa, L\u00edder Religioso\t<\/span>\n<\/h6>\n\t\t<\/div>\n\t<\/div>\n<\/div><div class=\"qodef-e swiper-slide\">\n\t<div class=\"qodef-e-inner\">\n\t\t\t<div class=\"qodef-e-media-image\">\n\t\t<img loading=\"lazy\" decoding=\"async\" width=\"125\" height=\"125\" src=\"https:\/\/www.sinergiahumanitaria.cl\/portal\/wp-content\/uploads\/2020\/03\/gandhi_cita.png\" class=\"attachment-full size-full wp-post-image\" alt=\"\" \/>\t<\/div>\n\t\t<div class=\"qodef-e-content\">\n\t\t\t\t\t\t\t<p itemprop=\"description\" class=\"qodef-e-text\">\n\t\t&quot;El verdadero progreso social no consiste en aumentar las necesidades, sino en reducirlas&quot;.\t<\/p>\n\t\t\t<h6 class=\"qodef-e-author\">\n\t<span class=\"qodef-e-author-name\">\n\t\tGandhi\t<\/span>\n\t<span class=\"qodef-e-author-job\">\n\t\tPacifista, Pol\u00edtico, Pensador\t<\/span>\n<\/h6>\n\t\t<\/div>\n\t<\/div>\n<\/div>\t<\/div>\n\t<\/div>\n\t\t\t\t<\/div>\n\t\t\t\t<\/div>\n\t\t\t\t\t<\/div>\n\t\t<\/div>\n\t\t\t\t\t<\/div>\n\t\t<\/section>\n\t\t\t\t<section data-particle_enable=\"false\" data-particle-mobile-disabled=\"false\" class=\"elementor-section elementor-top-section elementor-element elementor-element-91f70be elementor-section-boxed elementor-section-height-default elementor-section-height-default qodef-elementor-content-no\" data-id=\"91f70be\" data-element_type=\"section\" data-e-type=\"section\">\n\t\t\t\t\t\t<div class=\"elementor-container elementor-column-gap-default\">\n\t\t\t\t\t<div class=\"elementor-column elementor-col-100 elementor-top-column elementor-element elementor-element-66e60a5\" data-id=\"66e60a5\" data-element_type=\"column\" data-e-type=\"column\">\n\t\t\t<div class=\"elementor-widget-wrap elementor-element-populated\">\n\t\t\t\t\t\t<div class=\"elementor-element elementor-element-143742d elementor-widget elementor-widget-spacer\" data-id=\"143742d\" data-element_type=\"widget\" data-e-type=\"widget\" data-widget_type=\"spacer.default\">\n\t\t\t\t<div class=\"elementor-widget-container\">\n\t\t\t\t\t\t\t<div class=\"elementor-spacer\">\n\t\t\t<div class=\"elementor-spacer-inner\"><\/div>\n\t\t<\/div>\n\t\t\t\t\t\t<\/div>\n\t\t\t\t<\/div>\n\t\t\t\t\t<\/div>\n\t\t<\/div>\n\t\t\t\t\t<\/div>\n\t\t<\/section>\n\t\t\t\t<\/div>\n\t\t","protected":false},"excerpt":{"rendered":"<p>Equipo Directivo Coherencia Misi\u00f3n Una sociedad chilena m\u00e1s justa, fraterna, inclusiva y solidaria con todas las edades; que protege su medio ambiente y su identidad cultural. Visi\u00f3n Trabajar en terreno, junto a otras iniciativas que mejoran la calidad de vida de las personas, grupos y comunidades; con profesionalismo y compromiso solidario. Qu\u00e9 hacemos Somos una [&hellip;]<\/p>\n","protected":false},"author":6,"featured_media":0,"parent":0,"menu_order":0,"comment_status":"closed","ping_status":"closed","template":"page-full-width.php","meta":{"footnotes":""},"class_list":["post-7233","page","type-page","status-publish","hentry"],"yoast_head":"<!-- This site is optimized with the Yoast SEO plugin v27.4 - https:\/\/yoast.com\/product\/yoast-seo-wordpress\/ -->\n<title>Nosotros - Fundaci\u00f3n Sinergia Humanitaria<\/title>\n<meta name=\"robots\" content=\"index, follow, max-snippet:-1, max-image-preview:large, max-video-preview:-1\" \/>\n<link rel=\"canonical\" href=\"https:\/\/www.sinergiahumanitaria.cl\/portal\/nosotros\/\" \/>\n<meta property=\"og:locale\" content=\"es_ES\" \/>\n<meta property=\"og:type\" content=\"article\" \/>\n<meta property=\"og:title\" content=\"Nosotros - Fundaci\u00f3n Sinergia Humanitaria\" \/>\n<meta property=\"og:description\" content=\"Equipo Directivo Coherencia Misi\u00f3n Una sociedad chilena m\u00e1s justa, fraterna, inclusiva y solidaria con todas las edades; que protege su medio ambiente y su identidad cultural. Visi\u00f3n Trabajar en terreno, junto a otras iniciativas que mejoran la calidad de vida de las personas, grupos y comunidades; con profesionalismo y compromiso solidario. Qu\u00e9 hacemos Somos una [&hellip;]\" \/>\n<meta property=\"og:url\" content=\"https:\/\/www.sinergiahumanitaria.cl\/portal\/nosotros\/\" \/>\n<meta property=\"og:site_name\" content=\"Fundaci\u00f3n Sinergia Humanitaria\" \/>\n<meta property=\"article:publisher\" content=\"https:\/\/www.facebook.com\/sinergiahumanitaria\/\" \/>\n<meta property=\"article:modified_time\" content=\"2026-03-24T15:30:57+00:00\" \/>\n<meta property=\"og:image\" content=\"https:\/\/www.sinergiahumanitaria.cl\/portal\/wp-content\/uploads\/2024\/05\/jlbalmaceda.jpg\" \/>\n\t<meta property=\"og:image:width\" content=\"1080\" \/>\n\t<meta property=\"og:image:height\" content=\"1797\" \/>\n\t<meta property=\"og:image:type\" content=\"image\/jpeg\" \/>\n<meta name=\"twitter:card\" content=\"summary_large_image\" \/>\n<meta name=\"twitter:site\" content=\"@fsinergiah\" \/>\n<meta name=\"twitter:label1\" content=\"Tiempo estimado de lectura\" \/>\n\t<meta name=\"twitter:data1\" content=\"7 minutos\" \/>\n<script type=\"application\/ld+json\" class=\"yoast-schema-graph\">{\"@context\":\"https:\\\/\\\/schema.org\",\"@graph\":[{\"@type\":\"WebPage\",\"@id\":\"https:\\\/\\\/www.sinergiahumanitaria.cl\\\/portal\\\/nosotros\\\/\",\"url\":\"https:\\\/\\\/www.sinergiahumanitaria.cl\\\/portal\\\/nosotros\\\/\",\"name\":\"Nosotros - Fundaci\u00f3n Sinergia Humanitaria\",\"isPartOf\":{\"@id\":\"https:\\\/\\\/www.sinergiahumanitaria.cl\\\/portal\\\/#website\"},\"primaryImageOfPage\":{\"@id\":\"https:\\\/\\\/www.sinergiahumanitaria.cl\\\/portal\\\/nosotros\\\/#primaryimage\"},\"image\":{\"@id\":\"https:\\\/\\\/www.sinergiahumanitaria.cl\\\/portal\\\/nosotros\\\/#primaryimage\"},\"thumbnailUrl\":\"https:\\\/\\\/www.sinergiahumanitaria.cl\\\/portal\\\/wp-content\\\/uploads\\\/2024\\\/05\\\/jlbalmaceda-768x1278.jpg\",\"datePublished\":\"2024-05-15T15:53:14+00:00\",\"dateModified\":\"2026-03-24T15:30:57+00:00\",\"breadcrumb\":{\"@id\":\"https:\\\/\\\/www.sinergiahumanitaria.cl\\\/portal\\\/nosotros\\\/#breadcrumb\"},\"inLanguage\":\"es-CL\",\"potentialAction\":[{\"@type\":\"ReadAction\",\"target\":[\"https:\\\/\\\/www.sinergiahumanitaria.cl\\\/portal\\\/nosotros\\\/\"]}]},{\"@type\":\"ImageObject\",\"inLanguage\":\"es-CL\",\"@id\":\"https:\\\/\\\/www.sinergiahumanitaria.cl\\\/portal\\\/nosotros\\\/#primaryimage\",\"url\":\"https:\\\/\\\/www.sinergiahumanitaria.cl\\\/portal\\\/wp-content\\\/uploads\\\/2024\\\/05\\\/jlbalmaceda.jpg\",\"contentUrl\":\"https:\\\/\\\/www.sinergiahumanitaria.cl\\\/portal\\\/wp-content\\\/uploads\\\/2024\\\/05\\\/jlbalmaceda.jpg\",\"width\":1080,\"height\":1797},{\"@type\":\"BreadcrumbList\",\"@id\":\"https:\\\/\\\/www.sinergiahumanitaria.cl\\\/portal\\\/nosotros\\\/#breadcrumb\",\"itemListElement\":[{\"@type\":\"ListItem\",\"position\":1,\"name\":\"Portada\",\"item\":\"https:\\\/\\\/www.sinergiahumanitaria.cl\\\/portal\\\/\"},{\"@type\":\"ListItem\",\"position\":2,\"name\":\"Nosotros\"}]},{\"@type\":\"WebSite\",\"@id\":\"https:\\\/\\\/www.sinergiahumanitaria.cl\\\/portal\\\/#website\",\"url\":\"https:\\\/\\\/www.sinergiahumanitaria.cl\\\/portal\\\/\",\"name\":\"Fundaci\u00f3n Sinergia Humanitaria\",\"description\":\"Acci\u00f3n Solidaria desde 2001\",\"publisher\":{\"@id\":\"https:\\\/\\\/www.sinergiahumanitaria.cl\\\/portal\\\/#organization\"},\"potentialAction\":[{\"@type\":\"SearchAction\",\"target\":{\"@type\":\"EntryPoint\",\"urlTemplate\":\"https:\\\/\\\/www.sinergiahumanitaria.cl\\\/portal\\\/?s={search_term_string}\"},\"query-input\":{\"@type\":\"PropertyValueSpecification\",\"valueRequired\":true,\"valueName\":\"search_term_string\"}}],\"inLanguage\":\"es-CL\"},{\"@type\":\"Organization\",\"@id\":\"https:\\\/\\\/www.sinergiahumanitaria.cl\\\/portal\\\/#organization\",\"name\":\"Fundaci\u00f3n Sinergia Humanitaria\",\"url\":\"https:\\\/\\\/www.sinergiahumanitaria.cl\\\/portal\\\/\",\"logo\":{\"@type\":\"ImageObject\",\"inLanguage\":\"es-CL\",\"@id\":\"https:\\\/\\\/www.sinergiahumanitaria.cl\\\/portal\\\/#\\\/schema\\\/logo\\\/image\\\/\",\"url\":\"https:\\\/\\\/www.sinergiahumanitaria.cl\\\/portal\\\/wp-content\\\/uploads\\\/2020\\\/07\\\/LOGO-jpg-scaled.jpg\",\"contentUrl\":\"https:\\\/\\\/www.sinergiahumanitaria.cl\\\/portal\\\/wp-content\\\/uploads\\\/2020\\\/07\\\/LOGO-jpg-scaled.jpg\",\"width\":2560,\"height\":1440,\"caption\":\"Fundaci\u00f3n Sinergia Humanitaria\"},\"image\":{\"@id\":\"https:\\\/\\\/www.sinergiahumanitaria.cl\\\/portal\\\/#\\\/schema\\\/logo\\\/image\\\/\"},\"sameAs\":[\"https:\\\/\\\/www.facebook.com\\\/sinergiahumanitaria\\\/\",\"https:\\\/\\\/x.com\\\/fsinergiah\",\"https:\\\/\\\/www.instagram.com\\\/fsinergiah\\\/\"]}]}<\/script>\n<!-- \/ Yoast SEO plugin. -->","yoast_head_json":{"title":"Nosotros - Fundaci\u00f3n Sinergia Humanitaria","robots":{"index":"index","follow":"follow","max-snippet":"max-snippet:-1","max-image-preview":"max-image-preview:large","max-video-preview":"max-video-preview:-1"},"canonical":"https:\/\/www.sinergiahumanitaria.cl\/portal\/nosotros\/","og_locale":"es_ES","og_type":"article","og_title":"Nosotros - Fundaci\u00f3n Sinergia Humanitaria","og_description":"Equipo Directivo Coherencia Misi\u00f3n Una sociedad chilena m\u00e1s justa, fraterna, inclusiva y solidaria con todas las edades; que protege su medio ambiente y su identidad cultural. Visi\u00f3n Trabajar en terreno, junto a otras iniciativas que mejoran la calidad de vida de las personas, grupos y comunidades; con profesionalismo y compromiso solidario. Qu\u00e9 hacemos Somos una [&hellip;]","og_url":"https:\/\/www.sinergiahumanitaria.cl\/portal\/nosotros\/","og_site_name":"Fundaci\u00f3n Sinergia Humanitaria","article_publisher":"https:\/\/www.facebook.com\/sinergiahumanitaria\/","article_modified_time":"2026-03-24T15:30:57+00:00","og_image":[{"width":1080,"height":1797,"url":"https:\/\/www.sinergiahumanitaria.cl\/portal\/wp-content\/uploads\/2024\/05\/jlbalmaceda.jpg","type":"image\/jpeg"}],"twitter_card":"summary_large_image","twitter_site":"@fsinergiah","twitter_misc":{"Tiempo estimado de lectura":"7 minutos"},"schema":{"@context":"https:\/\/schema.org","@graph":[{"@type":"WebPage","@id":"https:\/\/www.sinergiahumanitaria.cl\/portal\/nosotros\/","url":"https:\/\/www.sinergiahumanitaria.cl\/portal\/nosotros\/","name":"Nosotros - Fundaci\u00f3n Sinergia Humanitaria","isPartOf":{"@id":"https:\/\/www.sinergiahumanitaria.cl\/portal\/#website"},"primaryImageOfPage":{"@id":"https:\/\/www.sinergiahumanitaria.cl\/portal\/nosotros\/#primaryimage"},"image":{"@id":"https:\/\/www.sinergiahumanitaria.cl\/portal\/nosotros\/#primaryimage"},"thumbnailUrl":"https:\/\/www.sinergiahumanitaria.cl\/portal\/wp-content\/uploads\/2024\/05\/jlbalmaceda-768x1278.jpg","datePublished":"2024-05-15T15:53:14+00:00","dateModified":"2026-03-24T15:30:57+00:00","breadcrumb":{"@id":"https:\/\/www.sinergiahumanitaria.cl\/portal\/nosotros\/#breadcrumb"},"inLanguage":"es-CL","potentialAction":[{"@type":"ReadAction","target":["https:\/\/www.sinergiahumanitaria.cl\/portal\/nosotros\/"]}]},{"@type":"ImageObject","inLanguage":"es-CL","@id":"https:\/\/www.sinergiahumanitaria.cl\/portal\/nosotros\/#primaryimage","url":"https:\/\/www.sinergiahumanitaria.cl\/portal\/wp-content\/uploads\/2024\/05\/jlbalmaceda.jpg","contentUrl":"https:\/\/www.sinergiahumanitaria.cl\/portal\/wp-content\/uploads\/2024\/05\/jlbalmaceda.jpg","width":1080,"height":1797},{"@type":"BreadcrumbList","@id":"https:\/\/www.sinergiahumanitaria.cl\/portal\/nosotros\/#breadcrumb","itemListElement":[{"@type":"ListItem","position":1,"name":"Portada","item":"https:\/\/www.sinergiahumanitaria.cl\/portal\/"},{"@type":"ListItem","position":2,"name":"Nosotros"}]},{"@type":"WebSite","@id":"https:\/\/www.sinergiahumanitaria.cl\/portal\/#website","url":"https:\/\/www.sinergiahumanitaria.cl\/portal\/","name":"Fundaci\u00f3n Sinergia Humanitaria","description":"Acci\u00f3n Solidaria desde 2001","publisher":{"@id":"https:\/\/www.sinergiahumanitaria.cl\/portal\/#organization"},"potentialAction":[{"@type":"SearchAction","target":{"@type":"EntryPoint","urlTemplate":"https:\/\/www.sinergiahumanitaria.cl\/portal\/?s={search_term_string}"},"query-input":{"@type":"PropertyValueSpecification","valueRequired":true,"valueName":"search_term_string"}}],"inLanguage":"es-CL"},{"@type":"Organization","@id":"https:\/\/www.sinergiahumanitaria.cl\/portal\/#organization","name":"Fundaci\u00f3n Sinergia Humanitaria","url":"https:\/\/www.sinergiahumanitaria.cl\/portal\/","logo":{"@type":"ImageObject","inLanguage":"es-CL","@id":"https:\/\/www.sinergiahumanitaria.cl\/portal\/#\/schema\/logo\/image\/","url":"https:\/\/www.sinergiahumanitaria.cl\/portal\/wp-content\/uploads\/2020\/07\/LOGO-jpg-scaled.jpg","contentUrl":"https:\/\/www.sinergiahumanitaria.cl\/portal\/wp-content\/uploads\/2020\/07\/LOGO-jpg-scaled.jpg","width":2560,"height":1440,"caption":"Fundaci\u00f3n Sinergia Humanitaria"},"image":{"@id":"https:\/\/www.sinergiahumanitaria.cl\/portal\/#\/schema\/logo\/image\/"},"sameAs":["https:\/\/www.facebook.com\/sinergiahumanitaria\/","https:\/\/x.com\/fsinergiah","https:\/\/www.instagram.com\/fsinergiah\/"]}]}},"_links":{"self":[{"href":"https:\/\/www.sinergiahumanitaria.cl\/portal\/wp-json\/wp\/v2\/pages\/7233","targetHints":{"allow":["GET"]}}],"collection":[{"href":"https:\/\/www.sinergiahumanitaria.cl\/portal\/wp-json\/wp\/v2\/pages"}],"about":[{"href":"https:\/\/www.sinergiahumanitaria.cl\/portal\/wp-json\/wp\/v2\/types\/page"}],"author":[{"embeddable":true,"href":"https:\/\/www.sinergiahumanitaria.cl\/portal\/wp-json\/wp\/v2\/users\/6"}],"replies":[{"embeddable":true,"href":"https:\/\/www.sinergiahumanitaria.cl\/portal\/wp-json\/wp\/v2\/comments?post=7233"}],"version-history":[{"count":58,"href":"https:\/\/www.sinergiahumanitaria.cl\/portal\/wp-json\/wp\/v2\/pages\/7233\/revisions"}],"predecessor-version":[{"id":8154,"href":"https:\/\/www.sinergiahumanitaria.cl\/portal\/wp-json\/wp\/v2\/pages\/7233\/revisions\/8154"}],"wp:attachment":[{"href":"https:\/\/www.sinergiahumanitaria.cl\/portal\/wp-json\/wp\/v2\/media?parent=7233"}],"curies":[{"name":"wp","href":"https:\/\/api.w.org\/{rel}","templated":true}]}}